{"id":936,"date":"2022-03-14T20:15:03","date_gmt":"2022-03-14T19:15:03","guid":{"rendered":"https:\/\/www.thecityrent.be\/?post_type=product&#038;p=936"},"modified":"2023-03-16T17:07:54","modified_gmt":"2023-03-16T16:07:54","slug":"tr-pkw-5-plaetze","status":"publish","type":"product","link":"https:\/\/www.thecityrent.be\/de\/produkt\/tr-pkw-5-plaetze\/","title":{"rendered":"TR-PKW 5 PL\u00c4TZE (KAT. A)"},"content":{"rendered":"<p>Zahlung des vollst\u00e4ndigen Mietbetrags beim Abholen des Fahrzeugs. Kopie des Passes und des F\u00fchrerscheines. Die Selbstbeteiligung im Schadensfall ist zu Lasten des Mieters. Voller Tank beim Abholen &gt; Voller Tank beim Zur\u00fcckbringen.<\/p>\n<p>200 km inklusive\/Miettag<br \/>\n0,25 \u20ac\/zus\u00e4tzlicher Kilometer<br \/>\nKaution : 500\u20ac<\/p>\n<div class=\"blockSpecif\">\n<div class=\"pxHabillage\">\n<ul>\n<li class=\"prixjour\"><strong>PREIS\/TAG<\/strong> : 48,00 \u20ac<\/li>\n<li class=\"prixsemaine\"><strong>PREIS\/ TAG\/WOCHE<\/strong>\u00a0: 36,00 \u20ac<\/li>\n<li><strong>PREIS\/ WOCHENENDE: <\/strong>87,00\u20ac<\/li>\n<li class=\"prixsemaine\"><strong>PREIS PRO TAG PRO MONAT<\/strong> : 29,00 \u20ac<\/li>\n<\/ul>\n<\/div>\n<div class=\"blockTelechargement\"><\/div>\n<\/div>\n","protected":false},"excerpt":{"rendered":"<p><strong>PKW 5 Pl\u00e4tze<\/strong><\/p>\n<p>F\u00fchrerschein Klasse B<\/p>\n","protected":false},"featured_media":5873,"comment_status":"closed","ping_status":"closed","template":"","meta":{"_acf_changed":false},"product_brand":[],"product_cat":[49,50],"product_tag":[],"class_list":{"0":"post-936","1":"product","2":"type-product","3":"status-publish","4":"has-post-thumbnail","6":"product_cat-auto","7":"product_cat-transport-vermietung","9":"first","10":"instock","11":"taxable","12":"shipping-taxable","13":"purchasable","14":"product-type-simple"},"acf":[],"yoast_head":"<!-- This site is optimized with the Yoast SEO plugin v27.5 - https:\/\/yoast.com\/product\/yoast-seo-wordpress\/ -->\n<title>TR-PKW 5 PL\u00c4TZE (KAT. A) - The City Rent &amp; Partner<\/title>\n<meta name=\"robots\" content=\"index, follow, max-snippet:-1, max-image-preview:large, max-video-preview:-1\" \/>\n<link rel=\"canonical\" href=\"https:\/\/www.thecityrent.be\/de\/produkt\/tr-pkw-5-plaetze\/\" \/>\n<meta property=\"og:locale\" content=\"de_DE\" \/>\n<meta property=\"og:type\" content=\"article\" \/>\n<meta property=\"og:title\" content=\"TR-PKW 5 PL\u00c4TZE (KAT. A) - The City Rent &amp; Partner\" \/>\n<meta property=\"og:description\" content=\"PKW 5 Pl\u00e4tze  F\u00fchrerschein Klasse B\" \/>\n<meta property=\"og:url\" content=\"https:\/\/www.thecityrent.be\/de\/produkt\/tr-pkw-5-plaetze\/\" \/>\n<meta property=\"og:site_name\" content=\"The City Rent &amp; Partner\" \/>\n<meta property=\"article:modified_time\" content=\"2023-03-16T16:07:54+00:00\" \/>\n<meta property=\"og:image\" content=\"https:\/\/www.thecityrent.be\/wp-content\/uploads\/te\u0301le\u0301chargement-5.png\" \/>\n\t<meta property=\"og:image:width\" content=\"440\" \/>\n\t<meta property=\"og:image:height\" content=\"439\" \/>\n\t<meta property=\"og:image:type\" content=\"image\/png\" \/>\n<meta name=\"twitter:card\" content=\"summary_large_image\" \/>\n<script type=\"application\/ld+json\" class=\"yoast-schema-graph\">{\"@context\":\"https:\\\/\\\/schema.org\",\"@graph\":[{\"@type\":\"WebPage\",\"@id\":\"https:\\\/\\\/www.thecityrent.be\\\/de\\\/produkt\\\/tr-pkw-5-plaetze\\\/\",\"url\":\"https:\\\/\\\/www.thecityrent.be\\\/de\\\/produkt\\\/tr-pkw-5-plaetze\\\/\",\"name\":\"TR-PKW 5 PL\u00c4TZE (KAT. A) - The City Rent &amp; Partner\",\"isPartOf\":{\"@id\":\"https:\\\/\\\/www.thecityrent.be\\\/#website\"},\"primaryImageOfPage\":{\"@id\":\"https:\\\/\\\/www.thecityrent.be\\\/de\\\/produkt\\\/tr-pkw-5-plaetze\\\/#primaryimage\"},\"image\":{\"@id\":\"https:\\\/\\\/www.thecityrent.be\\\/de\\\/produkt\\\/tr-pkw-5-plaetze\\\/#primaryimage\"},\"thumbnailUrl\":\"https:\\\/\\\/www.thecityrent.be\\\/wp-content\\\/uploads\\\/Renault-Clio-2024-1600-13.jpg\",\"datePublished\":\"2022-03-14T19:15:03+00:00\",\"dateModified\":\"2023-03-16T16:07:54+00:00\",\"breadcrumb\":{\"@id\":\"https:\\\/\\\/www.thecityrent.be\\\/de\\\/produkt\\\/tr-pkw-5-plaetze\\\/#breadcrumb\"},\"inLanguage\":\"de\",\"potentialAction\":[{\"@type\":\"ReadAction\",\"target\":[\"https:\\\/\\\/www.thecityrent.be\\\/de\\\/produkt\\\/tr-pkw-5-plaetze\\\/\"]}]},{\"@type\":\"ImageObject\",\"inLanguage\":\"de\",\"@id\":\"https:\\\/\\\/www.thecityrent.be\\\/de\\\/produkt\\\/tr-pkw-5-plaetze\\\/#primaryimage\",\"url\":\"https:\\\/\\\/www.thecityrent.be\\\/wp-content\\\/uploads\\\/Renault-Clio-2024-1600-13.jpg\",\"contentUrl\":\"https:\\\/\\\/www.thecityrent.be\\\/wp-content\\\/uploads\\\/Renault-Clio-2024-1600-13.jpg\",\"width\":1600,\"height\":1156},{\"@type\":\"BreadcrumbList\",\"@id\":\"https:\\\/\\\/www.thecityrent.be\\\/de\\\/produkt\\\/tr-pkw-5-plaetze\\\/#breadcrumb\",\"itemListElement\":[{\"@type\":\"ListItem\",\"position\":1,\"name\":\"Home\",\"item\":\"https:\\\/\\\/www.thecityrent.be\\\/de\\\/\"},{\"@type\":\"ListItem\",\"position\":2,\"name\":\"Shop\",\"item\":\"https:\\\/\\\/www.thecityrent.be\\\/shop\\\/\"},{\"@type\":\"ListItem\",\"position\":3,\"name\":\"TR-PKW 5 PL\u00c4TZE (KAT. A)\"}]},{\"@type\":\"WebSite\",\"@id\":\"https:\\\/\\\/www.thecityrent.be\\\/#website\",\"url\":\"https:\\\/\\\/www.thecityrent.be\\\/\",\"name\":\"The City Rent &amp; Partner\",\"description\":\"Votre partenaire pour la location de mat\u00e9riel, outillage &amp; v\u00e9hicules\",\"potentialAction\":[{\"@type\":\"SearchAction\",\"target\":{\"@type\":\"EntryPoint\",\"urlTemplate\":\"https:\\\/\\\/www.thecityrent.be\\\/?s={search_term_string}\"},\"query-input\":{\"@type\":\"PropertyValueSpecification\",\"valueRequired\":true,\"valueName\":\"search_term_string\"}}],\"inLanguage\":\"de\"}]}<\/script>\n<!-- \/ Yoast SEO plugin. -->","yoast_head_json":{"title":"TR-PKW 5 PL\u00c4TZE (KAT. A) - The City Rent &amp; Partner","robots":{"index":"index","follow":"follow","max-snippet":"max-snippet:-1","max-image-preview":"max-image-preview:large","max-video-preview":"max-video-preview:-1"},"canonical":"https:\/\/www.thecityrent.be\/de\/produkt\/tr-pkw-5-plaetze\/","og_locale":"de_DE","og_type":"article","og_title":"TR-PKW 5 PL\u00c4TZE (KAT. A) - The City Rent &amp; Partner","og_description":"PKW 5 Pl\u00e4tze  F\u00fchrerschein Klasse B","og_url":"https:\/\/www.thecityrent.be\/de\/produkt\/tr-pkw-5-plaetze\/","og_site_name":"The City Rent &amp; Partner","article_modified_time":"2023-03-16T16:07:54+00:00","og_image":[{"width":440,"height":439,"url":"https:\/\/www.thecityrent.be\/wp-content\/uploads\/te\u0301le\u0301chargement-5.png","type":"image\/png"}],"twitter_card":"summary_large_image","schema":{"@context":"https:\/\/schema.org","@graph":[{"@type":"WebPage","@id":"https:\/\/www.thecityrent.be\/de\/produkt\/tr-pkw-5-plaetze\/","url":"https:\/\/www.thecityrent.be\/de\/produkt\/tr-pkw-5-plaetze\/","name":"TR-PKW 5 PL\u00c4TZE (KAT. A) - The City Rent &amp; Partner","isPartOf":{"@id":"https:\/\/www.thecityrent.be\/#website"},"primaryImageOfPage":{"@id":"https:\/\/www.thecityrent.be\/de\/produkt\/tr-pkw-5-plaetze\/#primaryimage"},"image":{"@id":"https:\/\/www.thecityrent.be\/de\/produkt\/tr-pkw-5-plaetze\/#primaryimage"},"thumbnailUrl":"https:\/\/www.thecityrent.be\/wp-content\/uploads\/Renault-Clio-2024-1600-13.jpg","datePublished":"2022-03-14T19:15:03+00:00","dateModified":"2023-03-16T16:07:54+00:00","breadcrumb":{"@id":"https:\/\/www.thecityrent.be\/de\/produkt\/tr-pkw-5-plaetze\/#breadcrumb"},"inLanguage":"de","potentialAction":[{"@type":"ReadAction","target":["https:\/\/www.thecityrent.be\/de\/produkt\/tr-pkw-5-plaetze\/"]}]},{"@type":"ImageObject","inLanguage":"de","@id":"https:\/\/www.thecityrent.be\/de\/produkt\/tr-pkw-5-plaetze\/#primaryimage","url":"https:\/\/www.thecityrent.be\/wp-content\/uploads\/Renault-Clio-2024-1600-13.jpg","contentUrl":"https:\/\/www.thecityrent.be\/wp-content\/uploads\/Renault-Clio-2024-1600-13.jpg","width":1600,"height":1156},{"@type":"BreadcrumbList","@id":"https:\/\/www.thecityrent.be\/de\/produkt\/tr-pkw-5-plaetze\/#breadcrumb","itemListElement":[{"@type":"ListItem","position":1,"name":"Home","item":"https:\/\/www.thecityrent.be\/de\/"},{"@type":"ListItem","position":2,"name":"Shop","item":"https:\/\/www.thecityrent.be\/shop\/"},{"@type":"ListItem","position":3,"name":"TR-PKW 5 PL\u00c4TZE (KAT. A)"}]},{"@type":"WebSite","@id":"https:\/\/www.thecityrent.be\/#website","url":"https:\/\/www.thecityrent.be\/","name":"The City Rent &amp; Partner","description":"Votre partenaire pour la location de mat\u00e9riel, outillage &amp; v\u00e9hicules","potentialAction":[{"@type":"SearchAction","target":{"@type":"EntryPoint","urlTemplate":"https:\/\/www.thecityrent.be\/?s={search_term_string}"},"query-input":{"@type":"PropertyValueSpecification","valueRequired":true,"valueName":"search_term_string"}}],"inLanguage":"de"}]}},"_links":{"self":[{"href":"https:\/\/www.thecityrent.be\/de\/wp-json\/wp\/v2\/product\/936","targetHints":{"allow":["GET"]}}],"collection":[{"href":"https:\/\/www.thecityrent.be\/de\/wp-json\/wp\/v2\/product"}],"about":[{"href":"https:\/\/www.thecityrent.be\/de\/wp-json\/wp\/v2\/types\/product"}],"replies":[{"embeddable":true,"href":"https:\/\/www.thecityrent.be\/de\/wp-json\/wp\/v2\/comments?post=936"}],"wp:featuredmedia":[{"embeddable":true,"href":"https:\/\/www.thecityrent.be\/de\/wp-json\/wp\/v2\/media\/5873"}],"wp:attachment":[{"href":"https:\/\/www.thecityrent.be\/de\/wp-json\/wp\/v2\/media?parent=936"}],"wp:term":[{"taxonomy":"product_brand","embeddable":true,"href":"https:\/\/www.thecityrent.be\/de\/wp-json\/wp\/v2\/product_brand?post=936"},{"taxonomy":"product_cat","embeddable":true,"href":"https:\/\/www.thecityrent.be\/de\/wp-json\/wp\/v2\/product_cat?post=936"},{"taxonomy":"product_tag","embeddable":true,"href":"https:\/\/www.thecityrent.be\/de\/wp-json\/wp\/v2\/product_tag?post=936"}],"curies":[{"name":"wp","href":"https:\/\/api.w.org\/{rel}","templated":true}]}}