{"id":765,"date":"2021-05-11T17:01:10","date_gmt":"2021-05-11T15:01:10","guid":{"rendered":"https:\/\/www.thecityrent.be\/product\/co-plaque-vibrante-75-kg\/"},"modified":"2023-01-30T12:04:40","modified_gmt":"2023-01-30T11:04:40","slug":"co-plaque-vibrante-75-kg","status":"publish","type":"product","link":"https:\/\/www.thecityrent.be\/de\/produkt\/co-plaque-vibrante-75-kg\/","title":{"rendered":"CO-R\u00dcTTELPLATTE 75 KG"},"content":{"rendered":"<ul>\n<li><strong>KAUTION<\/strong> : 50,00 \u20ac<\/li>\n<li class=\"prixjour\"><strong>PREIS\/TAG<\/strong> : 32,00 \u20ac<\/li>\n<li class=\"prixsemaine\"><strong>PREIS\/TAG\/WOCHE<\/strong> : 26,00 \u20ac<\/li>\n<li class=\"prixsemaine\"><strong>PREIS\/WOCHENENDE<\/strong> : 58,00 \u20ac<\/li>\n<li class=\"prixsemaine\"><strong>PREIS\/TAG\/MONAT<\/strong> : 19,00\u20ac<\/li>\n<\/ul>\n","protected":false},"excerpt":{"rendered":"<p>Erde, Kies, Asphalt oder Pflastersteine &#8211; die R\u00fcttelplatte APF 1240 beweist ihre St\u00e4rken beim Anlegen von G\u00e4rten oder Gr\u00fcnfl\u00e4chen. Mit ihrem handlichen Design und dem klappbaren B\u00fcgel l\u00e4sst sie sich auch in engen R\u00e4umen leicht und komfortabel f\u00fchren. Ein Bew\u00e4sserungssystem sorgt daf\u00fcr, dass jeder Boden zuverl\u00e4ssig und mit der n\u00f6tigen Sorgfalt bearbeitet wird.<\/p>\n","protected":false},"featured_media":4035,"comment_status":"closed","ping_status":"closed","template":"","meta":{"_acf_changed":false},"product_brand":[],"product_cat":[55],"product_tag":[],"class_list":{"0":"post-765","1":"product","2":"type-product","3":"status-publish","4":"has-post-thumbnail","6":"product_cat-verdichtung","8":"first","9":"instock","10":"taxable","11":"shipping-taxable","12":"purchasable","13":"product-type-simple"},"acf":[],"yoast_head":"<!-- This site is optimized with the Yoast SEO plugin v27.5 - https:\/\/yoast.com\/product\/yoast-seo-wordpress\/ -->\n<title>CO-R\u00dcTTELPLATTE 75 KG - The City Rent &amp; Partner<\/title>\n<meta name=\"robots\" content=\"index, follow, max-snippet:-1, max-image-preview:large, max-video-preview:-1\" \/>\n<link rel=\"canonical\" href=\"https:\/\/www.thecityrent.be\/de\/produkt\/co-plaque-vibrante-75-kg\/\" \/>\n<meta property=\"og:locale\" content=\"de_DE\" \/>\n<meta property=\"og:type\" content=\"article\" \/>\n<meta property=\"og:title\" content=\"CO-R\u00dcTTELPLATTE 75 KG - The City Rent &amp; Partner\" \/>\n<meta property=\"og:description\" content=\"Erde, Kies, Asphalt oder Pflastersteine - die R\u00fcttelplatte APF 1240 beweist ihre St\u00e4rken beim Anlegen von G\u00e4rten oder Gr\u00fcnfl\u00e4chen. Mit ihrem handlichen Design und dem klappbaren B\u00fcgel l\u00e4sst sie sich auch in engen R\u00e4umen leicht und komfortabel f\u00fchren. Ein Bew\u00e4sserungssystem sorgt daf\u00fcr, dass jeder Boden zuverl\u00e4ssig und mit der n\u00f6tigen Sorgfalt bearbeitet wird.\" \/>\n<meta property=\"og:url\" content=\"https:\/\/www.thecityrent.be\/de\/produkt\/co-plaque-vibrante-75-kg\/\" \/>\n<meta property=\"og:site_name\" content=\"The City Rent &amp; Partner\" \/>\n<meta property=\"article:modified_time\" content=\"2023-01-30T11:04:40+00:00\" \/>\n<meta property=\"og:image\" content=\"https:\/\/www.thecityrent.be\/wp-content\/uploads\/PLAQUE-VIBR-75-KG-b.jpg\" \/>\n\t<meta property=\"og:image:width\" content=\"556\" \/>\n\t<meta property=\"og:image:height\" content=\"591\" \/>\n\t<meta property=\"og:image:type\" content=\"image\/jpeg\" \/>\n<meta name=\"twitter:card\" content=\"summary_large_image\" \/>\n<meta name=\"twitter:label1\" content=\"Gesch\u00e4tzte Lesezeit\" \/>\n\t<meta name=\"twitter:data1\" content=\"1\u00a0Minute\" \/>\n<script type=\"application\/ld+json\" class=\"yoast-schema-graph\">{\"@context\":\"https:\\\/\\\/schema.org\",\"@graph\":[{\"@type\":\"WebPage\",\"@id\":\"https:\\\/\\\/www.thecityrent.be\\\/de\\\/produkt\\\/co-plaque-vibrante-75-kg\\\/\",\"url\":\"https:\\\/\\\/www.thecityrent.be\\\/de\\\/produkt\\\/co-plaque-vibrante-75-kg\\\/\",\"name\":\"CO-R\u00dcTTELPLATTE 75 KG - The City Rent &amp; Partner\",\"isPartOf\":{\"@id\":\"https:\\\/\\\/www.thecityrent.be\\\/#website\"},\"primaryImageOfPage\":{\"@id\":\"https:\\\/\\\/www.thecityrent.be\\\/de\\\/produkt\\\/co-plaque-vibrante-75-kg\\\/#primaryimage\"},\"image\":{\"@id\":\"https:\\\/\\\/www.thecityrent.be\\\/de\\\/produkt\\\/co-plaque-vibrante-75-kg\\\/#primaryimage\"},\"thumbnailUrl\":\"https:\\\/\\\/www.thecityrent.be\\\/wp-content\\\/uploads\\\/75-kg.jpg\",\"datePublished\":\"2021-05-11T15:01:10+00:00\",\"dateModified\":\"2023-01-30T11:04:40+00:00\",\"breadcrumb\":{\"@id\":\"https:\\\/\\\/www.thecityrent.be\\\/de\\\/produkt\\\/co-plaque-vibrante-75-kg\\\/#breadcrumb\"},\"inLanguage\":\"de\",\"potentialAction\":[{\"@type\":\"ReadAction\",\"target\":[\"https:\\\/\\\/www.thecityrent.be\\\/de\\\/produkt\\\/co-plaque-vibrante-75-kg\\\/\"]}]},{\"@type\":\"ImageObject\",\"inLanguage\":\"de\",\"@id\":\"https:\\\/\\\/www.thecityrent.be\\\/de\\\/produkt\\\/co-plaque-vibrante-75-kg\\\/#primaryimage\",\"url\":\"https:\\\/\\\/www.thecityrent.be\\\/wp-content\\\/uploads\\\/75-kg.jpg\",\"contentUrl\":\"https:\\\/\\\/www.thecityrent.be\\\/wp-content\\\/uploads\\\/75-kg.jpg\",\"width\":500,\"height\":333},{\"@type\":\"BreadcrumbList\",\"@id\":\"https:\\\/\\\/www.thecityrent.be\\\/de\\\/produkt\\\/co-plaque-vibrante-75-kg\\\/#breadcrumb\",\"itemListElement\":[{\"@type\":\"ListItem\",\"position\":1,\"name\":\"Home\",\"item\":\"https:\\\/\\\/www.thecityrent.be\\\/de\\\/\"},{\"@type\":\"ListItem\",\"position\":2,\"name\":\"Shop\",\"item\":\"https:\\\/\\\/www.thecityrent.be\\\/shop\\\/\"},{\"@type\":\"ListItem\",\"position\":3,\"name\":\"CO-R\u00dcTTELPLATTE 75 KG\"}]},{\"@type\":\"WebSite\",\"@id\":\"https:\\\/\\\/www.thecityrent.be\\\/#website\",\"url\":\"https:\\\/\\\/www.thecityrent.be\\\/\",\"name\":\"The City Rent &amp; Partner\",\"description\":\"Votre partenaire pour la location de mat\u00e9riel, outillage &amp; v\u00e9hicules\",\"potentialAction\":[{\"@type\":\"SearchAction\",\"target\":{\"@type\":\"EntryPoint\",\"urlTemplate\":\"https:\\\/\\\/www.thecityrent.be\\\/?s={search_term_string}\"},\"query-input\":{\"@type\":\"PropertyValueSpecification\",\"valueRequired\":true,\"valueName\":\"search_term_string\"}}],\"inLanguage\":\"de\"}]}<\/script>\n<!-- \/ Yoast SEO plugin. -->","yoast_head_json":{"title":"CO-R\u00dcTTELPLATTE 75 KG - The City Rent &amp; Partner","robots":{"index":"index","follow":"follow","max-snippet":"max-snippet:-1","max-image-preview":"max-image-preview:large","max-video-preview":"max-video-preview:-1"},"canonical":"https:\/\/www.thecityrent.be\/de\/produkt\/co-plaque-vibrante-75-kg\/","og_locale":"de_DE","og_type":"article","og_title":"CO-R\u00dcTTELPLATTE 75 KG - The City Rent &amp; Partner","og_description":"Erde, Kies, Asphalt oder Pflastersteine - die R\u00fcttelplatte APF 1240 beweist ihre St\u00e4rken beim Anlegen von G\u00e4rten oder Gr\u00fcnfl\u00e4chen. Mit ihrem handlichen Design und dem klappbaren B\u00fcgel l\u00e4sst sie sich auch in engen R\u00e4umen leicht und komfortabel f\u00fchren. Ein Bew\u00e4sserungssystem sorgt daf\u00fcr, dass jeder Boden zuverl\u00e4ssig und mit der n\u00f6tigen Sorgfalt bearbeitet wird.","og_url":"https:\/\/www.thecityrent.be\/de\/produkt\/co-plaque-vibrante-75-kg\/","og_site_name":"The City Rent &amp; Partner","article_modified_time":"2023-01-30T11:04:40+00:00","og_image":[{"width":556,"height":591,"url":"https:\/\/www.thecityrent.be\/wp-content\/uploads\/PLAQUE-VIBR-75-KG-b.jpg","type":"image\/jpeg"}],"twitter_card":"summary_large_image","twitter_misc":{"Gesch\u00e4tzte Lesezeit":"1\u00a0Minute"},"schema":{"@context":"https:\/\/schema.org","@graph":[{"@type":"WebPage","@id":"https:\/\/www.thecityrent.be\/de\/produkt\/co-plaque-vibrante-75-kg\/","url":"https:\/\/www.thecityrent.be\/de\/produkt\/co-plaque-vibrante-75-kg\/","name":"CO-R\u00dcTTELPLATTE 75 KG - The City Rent &amp; Partner","isPartOf":{"@id":"https:\/\/www.thecityrent.be\/#website"},"primaryImageOfPage":{"@id":"https:\/\/www.thecityrent.be\/de\/produkt\/co-plaque-vibrante-75-kg\/#primaryimage"},"image":{"@id":"https:\/\/www.thecityrent.be\/de\/produkt\/co-plaque-vibrante-75-kg\/#primaryimage"},"thumbnailUrl":"https:\/\/www.thecityrent.be\/wp-content\/uploads\/75-kg.jpg","datePublished":"2021-05-11T15:01:10+00:00","dateModified":"2023-01-30T11:04:40+00:00","breadcrumb":{"@id":"https:\/\/www.thecityrent.be\/de\/produkt\/co-plaque-vibrante-75-kg\/#breadcrumb"},"inLanguage":"de","potentialAction":[{"@type":"ReadAction","target":["https:\/\/www.thecityrent.be\/de\/produkt\/co-plaque-vibrante-75-kg\/"]}]},{"@type":"ImageObject","inLanguage":"de","@id":"https:\/\/www.thecityrent.be\/de\/produkt\/co-plaque-vibrante-75-kg\/#primaryimage","url":"https:\/\/www.thecityrent.be\/wp-content\/uploads\/75-kg.jpg","contentUrl":"https:\/\/www.thecityrent.be\/wp-content\/uploads\/75-kg.jpg","width":500,"height":333},{"@type":"BreadcrumbList","@id":"https:\/\/www.thecityrent.be\/de\/produkt\/co-plaque-vibrante-75-kg\/#breadcrumb","itemListElement":[{"@type":"ListItem","position":1,"name":"Home","item":"https:\/\/www.thecityrent.be\/de\/"},{"@type":"ListItem","position":2,"name":"Shop","item":"https:\/\/www.thecityrent.be\/shop\/"},{"@type":"ListItem","position":3,"name":"CO-R\u00dcTTELPLATTE 75 KG"}]},{"@type":"WebSite","@id":"https:\/\/www.thecityrent.be\/#website","url":"https:\/\/www.thecityrent.be\/","name":"The City Rent &amp; Partner","description":"Votre partenaire pour la location de mat\u00e9riel, outillage &amp; v\u00e9hicules","potentialAction":[{"@type":"SearchAction","target":{"@type":"EntryPoint","urlTemplate":"https:\/\/www.thecityrent.be\/?s={search_term_string}"},"query-input":{"@type":"PropertyValueSpecification","valueRequired":true,"valueName":"search_term_string"}}],"inLanguage":"de"}]}},"_links":{"self":[{"href":"https:\/\/www.thecityrent.be\/de\/wp-json\/wp\/v2\/product\/765","targetHints":{"allow":["GET"]}}],"collection":[{"href":"https:\/\/www.thecityrent.be\/de\/wp-json\/wp\/v2\/product"}],"about":[{"href":"https:\/\/www.thecityrent.be\/de\/wp-json\/wp\/v2\/types\/product"}],"replies":[{"embeddable":true,"href":"https:\/\/www.thecityrent.be\/de\/wp-json\/wp\/v2\/comments?post=765"}],"wp:featuredmedia":[{"embeddable":true,"href":"https:\/\/www.thecityrent.be\/de\/wp-json\/wp\/v2\/media\/4035"}],"wp:attachment":[{"href":"https:\/\/www.thecityrent.be\/de\/wp-json\/wp\/v2\/media?parent=765"}],"wp:term":[{"taxonomy":"product_brand","embeddable":true,"href":"https:\/\/www.thecityrent.be\/de\/wp-json\/wp\/v2\/product_brand?post=765"},{"taxonomy":"product_cat","embeddable":true,"href":"https:\/\/www.thecityrent.be\/de\/wp-json\/wp\/v2\/product_cat?post=765"},{"taxonomy":"product_tag","embeddable":true,"href":"https:\/\/www.thecityrent.be\/de\/wp-json\/wp\/v2\/product_tag?post=765"}],"curies":[{"name":"wp","href":"https:\/\/api.w.org\/{rel}","templated":true}]}}