{"id":763,"date":"2021-05-11T17:15:11","date_gmt":"2021-05-11T15:15:11","guid":{"rendered":"https:\/\/www.thecityrent.be\/product\/co-plaque-vibrante-100-kg\/"},"modified":"2023-01-30T12:03:50","modified_gmt":"2023-01-30T11:03:50","slug":"co-plaque-vibrante-100-kg","status":"publish","type":"product","link":"https:\/\/www.thecityrent.be\/de\/produkt\/co-plaque-vibrante-100-kg\/","title":{"rendered":"CO-R\u00dcTTELPLATTE100 KG"},"content":{"rendered":"<ul>\n<li><strong>KAUTION<\/strong> : 50,00 \u20ac<\/li>\n<li class=\"prixjour\"><strong>PREIS\/TAG<\/strong> : 37,00 \u20ac<\/li>\n<li class=\"prixsemaine\"><strong>PREIS\/TAG\/WOCHE<\/strong> : 30,00 \u20ac<\/li>\n<li class=\"prixsemaine\"><strong>PREIS\/WOCHENENDE<\/strong> : 67,00 \u20ac<\/li>\n<li class=\"prixsemaine\"><strong>PREIS\/TAG\/MONAT<\/strong> : 22,00\u20ac<\/li>\n<\/ul>\n","protected":false},"excerpt":{"rendered":"<p>Die R\u00fcttelplatten der WP-Serie sind leistungsstarke Experten f\u00fcr die Verdichtung von Asphalt und Verbundpflaster sowie f\u00fcr die Verdichtung von Mischb\u00f6den auf kleinen Fl\u00e4chen. Dank ihrer robusten Konstruktion eignen sie sich hervorragend f\u00fcr den professionellen Dauereinsatz im Bereich der Stra\u00dfenanwendungen, z. B. f\u00fcr die Verdichtung von sandigem und kiesigem Schotter f\u00fcr Gehwege, Stra\u00dfen und Parkpl\u00e4tze. Die niedrigen Abgasemissionen verbessern die Arbeitsbedingungen. Mit dem Radsatz lassen sich die R\u00fcttelplatten der WP-Serie problemlos und m\u00fchelos an die gew\u00fcnschte Stelle auf der Baustelle bewegen.<\/p>\n","protected":false},"featured_media":176,"comment_status":"closed","ping_status":"closed","template":"","meta":{"_acf_changed":false},"product_brand":[],"product_cat":[55],"product_tag":[],"class_list":{"0":"post-763","1":"product","2":"type-product","3":"status-publish","4":"has-post-thumbnail","6":"product_cat-verdichtung","8":"first","9":"instock","10":"taxable","11":"shipping-taxable","12":"purchasable","13":"product-type-simple"},"acf":[],"yoast_head":"<!-- This site is optimized with the Yoast SEO plugin v27.5 - https:\/\/yoast.com\/product\/yoast-seo-wordpress\/ -->\n<title>CO-R\u00dcTTELPLATTE100 KG - The City Rent &amp; Partner<\/title>\n<meta name=\"robots\" content=\"index, follow, max-snippet:-1, max-image-preview:large, max-video-preview:-1\" \/>\n<link rel=\"canonical\" href=\"https:\/\/www.thecityrent.be\/de\/produkt\/co-plaque-vibrante-100-kg\/\" \/>\n<meta property=\"og:locale\" content=\"de_DE\" \/>\n<meta property=\"og:type\" content=\"article\" \/>\n<meta property=\"og:title\" content=\"CO-R\u00dcTTELPLATTE100 KG - The City Rent &amp; Partner\" \/>\n<meta property=\"og:description\" content=\"Die R\u00fcttelplatten der WP-Serie sind leistungsstarke Experten f\u00fcr die Verdichtung von Asphalt und Verbundpflaster sowie f\u00fcr die Verdichtung von Mischb\u00f6den auf kleinen Fl\u00e4chen. Dank ihrer robusten Konstruktion eignen sie sich hervorragend f\u00fcr den professionellen Dauereinsatz im Bereich der Stra\u00dfenanwendungen, z. B. f\u00fcr die Verdichtung von sandigem und kiesigem Schotter f\u00fcr Gehwege, Stra\u00dfen und Parkpl\u00e4tze. Die niedrigen Abgasemissionen verbessern die Arbeitsbedingungen. Mit dem Radsatz lassen sich die R\u00fcttelplatten der WP-Serie problemlos und m\u00fchelos an die gew\u00fcnschte Stelle auf der Baustelle bewegen.\" \/>\n<meta property=\"og:url\" content=\"https:\/\/www.thecityrent.be\/de\/produkt\/co-plaque-vibrante-100-kg\/\" \/>\n<meta property=\"og:site_name\" content=\"The City Rent &amp; Partner\" \/>\n<meta property=\"article:modified_time\" content=\"2023-01-30T11:03:50+00:00\" \/>\n<meta property=\"og:image\" content=\"https:\/\/www.thecityrent.be\/wp-content\/uploads\/PLAQUE-VIBR-100-KG.jpg\" \/>\n\t<meta property=\"og:image:width\" content=\"970\" \/>\n\t<meta property=\"og:image:height\" content=\"992\" \/>\n\t<meta property=\"og:image:type\" content=\"image\/jpeg\" \/>\n<meta name=\"twitter:card\" content=\"summary_large_image\" \/>\n<script type=\"application\/ld+json\" class=\"yoast-schema-graph\">{\"@context\":\"https:\\\/\\\/schema.org\",\"@graph\":[{\"@type\":\"WebPage\",\"@id\":\"https:\\\/\\\/www.thecityrent.be\\\/de\\\/produkt\\\/co-plaque-vibrante-100-kg\\\/\",\"url\":\"https:\\\/\\\/www.thecityrent.be\\\/de\\\/produkt\\\/co-plaque-vibrante-100-kg\\\/\",\"name\":\"CO-R\u00dcTTELPLATTE100 KG - The City Rent &amp; Partner\",\"isPartOf\":{\"@id\":\"https:\\\/\\\/www.thecityrent.be\\\/#website\"},\"primaryImageOfPage\":{\"@id\":\"https:\\\/\\\/www.thecityrent.be\\\/de\\\/produkt\\\/co-plaque-vibrante-100-kg\\\/#primaryimage\"},\"image\":{\"@id\":\"https:\\\/\\\/www.thecityrent.be\\\/de\\\/produkt\\\/co-plaque-vibrante-100-kg\\\/#primaryimage\"},\"thumbnailUrl\":\"https:\\\/\\\/www.thecityrent.be\\\/wp-content\\\/uploads\\\/PLAQUE-VIBR-100-KG.jpg\",\"datePublished\":\"2021-05-11T15:15:11+00:00\",\"dateModified\":\"2023-01-30T11:03:50+00:00\",\"breadcrumb\":{\"@id\":\"https:\\\/\\\/www.thecityrent.be\\\/de\\\/produkt\\\/co-plaque-vibrante-100-kg\\\/#breadcrumb\"},\"inLanguage\":\"de\",\"potentialAction\":[{\"@type\":\"ReadAction\",\"target\":[\"https:\\\/\\\/www.thecityrent.be\\\/de\\\/produkt\\\/co-plaque-vibrante-100-kg\\\/\"]}]},{\"@type\":\"ImageObject\",\"inLanguage\":\"de\",\"@id\":\"https:\\\/\\\/www.thecityrent.be\\\/de\\\/produkt\\\/co-plaque-vibrante-100-kg\\\/#primaryimage\",\"url\":\"https:\\\/\\\/www.thecityrent.be\\\/wp-content\\\/uploads\\\/PLAQUE-VIBR-100-KG.jpg\",\"contentUrl\":\"https:\\\/\\\/www.thecityrent.be\\\/wp-content\\\/uploads\\\/PLAQUE-VIBR-100-KG.jpg\",\"width\":970,\"height\":992},{\"@type\":\"BreadcrumbList\",\"@id\":\"https:\\\/\\\/www.thecityrent.be\\\/de\\\/produkt\\\/co-plaque-vibrante-100-kg\\\/#breadcrumb\",\"itemListElement\":[{\"@type\":\"ListItem\",\"position\":1,\"name\":\"Home\",\"item\":\"https:\\\/\\\/www.thecityrent.be\\\/de\\\/\"},{\"@type\":\"ListItem\",\"position\":2,\"name\":\"Shop\",\"item\":\"https:\\\/\\\/www.thecityrent.be\\\/shop\\\/\"},{\"@type\":\"ListItem\",\"position\":3,\"name\":\"CO-R\u00dcTTELPLATTE100 KG\"}]},{\"@type\":\"WebSite\",\"@id\":\"https:\\\/\\\/www.thecityrent.be\\\/#website\",\"url\":\"https:\\\/\\\/www.thecityrent.be\\\/\",\"name\":\"The City Rent &amp; Partner\",\"description\":\"Votre partenaire pour la location de mat\u00e9riel, outillage &amp; v\u00e9hicules\",\"potentialAction\":[{\"@type\":\"SearchAction\",\"target\":{\"@type\":\"EntryPoint\",\"urlTemplate\":\"https:\\\/\\\/www.thecityrent.be\\\/?s={search_term_string}\"},\"query-input\":{\"@type\":\"PropertyValueSpecification\",\"valueRequired\":true,\"valueName\":\"search_term_string\"}}],\"inLanguage\":\"de\"}]}<\/script>\n<!-- \/ Yoast SEO plugin. -->","yoast_head_json":{"title":"CO-R\u00dcTTELPLATTE100 KG - The City Rent &amp; Partner","robots":{"index":"index","follow":"follow","max-snippet":"max-snippet:-1","max-image-preview":"max-image-preview:large","max-video-preview":"max-video-preview:-1"},"canonical":"https:\/\/www.thecityrent.be\/de\/produkt\/co-plaque-vibrante-100-kg\/","og_locale":"de_DE","og_type":"article","og_title":"CO-R\u00dcTTELPLATTE100 KG - The City Rent &amp; Partner","og_description":"Die R\u00fcttelplatten der WP-Serie sind leistungsstarke Experten f\u00fcr die Verdichtung von Asphalt und Verbundpflaster sowie f\u00fcr die Verdichtung von Mischb\u00f6den auf kleinen Fl\u00e4chen. Dank ihrer robusten Konstruktion eignen sie sich hervorragend f\u00fcr den professionellen Dauereinsatz im Bereich der Stra\u00dfenanwendungen, z. B. f\u00fcr die Verdichtung von sandigem und kiesigem Schotter f\u00fcr Gehwege, Stra\u00dfen und Parkpl\u00e4tze. Die niedrigen Abgasemissionen verbessern die Arbeitsbedingungen. Mit dem Radsatz lassen sich die R\u00fcttelplatten der WP-Serie problemlos und m\u00fchelos an die gew\u00fcnschte Stelle auf der Baustelle bewegen.","og_url":"https:\/\/www.thecityrent.be\/de\/produkt\/co-plaque-vibrante-100-kg\/","og_site_name":"The City Rent &amp; Partner","article_modified_time":"2023-01-30T11:03:50+00:00","og_image":[{"width":970,"height":992,"url":"https:\/\/www.thecityrent.be\/wp-content\/uploads\/PLAQUE-VIBR-100-KG.jpg","type":"image\/jpeg"}],"twitter_card":"summary_large_image","schema":{"@context":"https:\/\/schema.org","@graph":[{"@type":"WebPage","@id":"https:\/\/www.thecityrent.be\/de\/produkt\/co-plaque-vibrante-100-kg\/","url":"https:\/\/www.thecityrent.be\/de\/produkt\/co-plaque-vibrante-100-kg\/","name":"CO-R\u00dcTTELPLATTE100 KG - The City Rent &amp; Partner","isPartOf":{"@id":"https:\/\/www.thecityrent.be\/#website"},"primaryImageOfPage":{"@id":"https:\/\/www.thecityrent.be\/de\/produkt\/co-plaque-vibrante-100-kg\/#primaryimage"},"image":{"@id":"https:\/\/www.thecityrent.be\/de\/produkt\/co-plaque-vibrante-100-kg\/#primaryimage"},"thumbnailUrl":"https:\/\/www.thecityrent.be\/wp-content\/uploads\/PLAQUE-VIBR-100-KG.jpg","datePublished":"2021-05-11T15:15:11+00:00","dateModified":"2023-01-30T11:03:50+00:00","breadcrumb":{"@id":"https:\/\/www.thecityrent.be\/de\/produkt\/co-plaque-vibrante-100-kg\/#breadcrumb"},"inLanguage":"de","potentialAction":[{"@type":"ReadAction","target":["https:\/\/www.thecityrent.be\/de\/produkt\/co-plaque-vibrante-100-kg\/"]}]},{"@type":"ImageObject","inLanguage":"de","@id":"https:\/\/www.thecityrent.be\/de\/produkt\/co-plaque-vibrante-100-kg\/#primaryimage","url":"https:\/\/www.thecityrent.be\/wp-content\/uploads\/PLAQUE-VIBR-100-KG.jpg","contentUrl":"https:\/\/www.thecityrent.be\/wp-content\/uploads\/PLAQUE-VIBR-100-KG.jpg","width":970,"height":992},{"@type":"BreadcrumbList","@id":"https:\/\/www.thecityrent.be\/de\/produkt\/co-plaque-vibrante-100-kg\/#breadcrumb","itemListElement":[{"@type":"ListItem","position":1,"name":"Home","item":"https:\/\/www.thecityrent.be\/de\/"},{"@type":"ListItem","position":2,"name":"Shop","item":"https:\/\/www.thecityrent.be\/shop\/"},{"@type":"ListItem","position":3,"name":"CO-R\u00dcTTELPLATTE100 KG"}]},{"@type":"WebSite","@id":"https:\/\/www.thecityrent.be\/#website","url":"https:\/\/www.thecityrent.be\/","name":"The City Rent &amp; Partner","description":"Votre partenaire pour la location de mat\u00e9riel, outillage &amp; v\u00e9hicules","potentialAction":[{"@type":"SearchAction","target":{"@type":"EntryPoint","urlTemplate":"https:\/\/www.thecityrent.be\/?s={search_term_string}"},"query-input":{"@type":"PropertyValueSpecification","valueRequired":true,"valueName":"search_term_string"}}],"inLanguage":"de"}]}},"_links":{"self":[{"href":"https:\/\/www.thecityrent.be\/de\/wp-json\/wp\/v2\/product\/763","targetHints":{"allow":["GET"]}}],"collection":[{"href":"https:\/\/www.thecityrent.be\/de\/wp-json\/wp\/v2\/product"}],"about":[{"href":"https:\/\/www.thecityrent.be\/de\/wp-json\/wp\/v2\/types\/product"}],"replies":[{"embeddable":true,"href":"https:\/\/www.thecityrent.be\/de\/wp-json\/wp\/v2\/comments?post=763"}],"wp:featuredmedia":[{"embeddable":true,"href":"https:\/\/www.thecityrent.be\/de\/wp-json\/wp\/v2\/media\/176"}],"wp:attachment":[{"href":"https:\/\/www.thecityrent.be\/de\/wp-json\/wp\/v2\/media?parent=763"}],"wp:term":[{"taxonomy":"product_brand","embeddable":true,"href":"https:\/\/www.thecityrent.be\/de\/wp-json\/wp\/v2\/product_brand?post=763"},{"taxonomy":"product_cat","embeddable":true,"href":"https:\/\/www.thecityrent.be\/de\/wp-json\/wp\/v2\/product_cat?post=763"},{"taxonomy":"product_tag","embeddable":true,"href":"https:\/\/www.thecityrent.be\/de\/wp-json\/wp\/v2\/product_tag?post=763"}],"curies":[{"name":"wp","href":"https:\/\/api.w.org\/{rel}","templated":true}]}}