{"id":1590,"date":"2022-03-27T12:51:09","date_gmt":"2022-03-27T10:51:09","guid":{"rendered":"https:\/\/www.thecityrent.be\/?post_type=product&#038;p=1590"},"modified":"2023-02-01T09:20:27","modified_gmt":"2023-02-01T08:20:27","slug":"sa-mikrosandstrahlgeraet","status":"publish","type":"product","link":"https:\/\/www.thecityrent.be\/de\/produkt\/sa-mikrosandstrahlgeraet\/","title":{"rendered":"SA-MIKROSANDSTRAHLGER\u00c4T"},"content":{"rendered":"<ul>\n<li><strong>KAUTION<\/strong> : 200,00 \u20ac<\/li>\n<li><strong>PREIS\/TAG<\/strong> : 144,00 \u20ac<\/li>\n<li><strong>PREIS\/TAG\/WOCHE<\/strong> : 116,00 \u20ac<\/li>\n<li><strong>PREIS\/WOCHENENDE<\/strong> : 260,00 \u20ac<\/li>\n<li><strong>PREIS\/TAG\/MONAT<\/strong> : 87,00 \u20ac<\/li>\n<\/ul>\n","protected":false},"excerpt":{"rendered":"<p>Mikrosandstrahlger\u00e4t NOVGOM17 + Kompressor\u00a03m\u00b3 + Anh\u00e4nge.<\/p>\n<p>Ideal zum Sandstrahlen oder Abbeizen von Hart- oder Weichholz, M\u00f6beln, Treppen, Balken, aber auch f\u00fcr Graffiti und anderen Wandmalereien, Reinigung ohne Sch\u00e4den am Untergrund.<\/p>\n<p>M\u00f6glichkeit, nur das\u00a0Mikrosandstrahlger\u00e4t zu mieten.<\/p>\n<p>M\u00f6glichkeit, den Sand zu liefern\u00a0(Garnet)ab 23.59\u20ac<br \/>\n200 (d\u00fcnn)<br \/>\n120 (Hartholz)<br \/>\n20\/40 (Mauern, Steine, Metall)<\/p>\n","protected":false},"featured_media":5889,"comment_status":"closed","ping_status":"closed","template":"","meta":{"_acf_changed":false},"product_brand":[],"product_cat":[69],"product_tag":[],"class_list":{"0":"post-1590","1":"product","2":"type-product","3":"status-publish","4":"has-post-thumbnail","6":"product_cat-sandstrahlen","8":"first","9":"instock","10":"taxable","11":"shipping-taxable","12":"purchasable","13":"product-type-simple"},"acf":[],"yoast_head":"<!-- This site is optimized with the Yoast SEO plugin v27.5 - https:\/\/yoast.com\/product\/yoast-seo-wordpress\/ -->\n<title>SA-MIKROSANDSTRAHLGER\u00c4T - The City Rent &amp; Partner<\/title>\n<meta name=\"robots\" content=\"index, follow, max-snippet:-1, max-image-preview:large, max-video-preview:-1\" \/>\n<link rel=\"canonical\" href=\"https:\/\/www.thecityrent.be\/de\/produkt\/sa-mikrosandstrahlgeraet\/\" \/>\n<meta property=\"og:locale\" content=\"de_DE\" \/>\n<meta property=\"og:type\" content=\"article\" \/>\n<meta property=\"og:title\" content=\"SA-MIKROSANDSTRAHLGER\u00c4T - The City Rent &amp; Partner\" \/>\n<meta property=\"og:description\" content=\"Mikrosandstrahlger\u00e4t NOVGOM17 + Kompressor\u00a03m\u00b3 + Anh\u00e4nge.  Ideal zum Sandstrahlen oder Abbeizen von Hart- oder Weichholz, M\u00f6beln, Treppen, Balken, aber auch f\u00fcr Graffiti und anderen Wandmalereien, Reinigung ohne Sch\u00e4den am Untergrund.  M\u00f6glichkeit, nur das\u00a0Mikrosandstrahlger\u00e4t zu mieten.  M\u00f6glichkeit, den Sand zu liefern\u00a0(Garnet)ab 23.59\u20ac 200 (d\u00fcnn) 120 (Hartholz) 20\/40 (Mauern, Steine, Metall)\" \/>\n<meta property=\"og:url\" content=\"https:\/\/www.thecityrent.be\/de\/produkt\/sa-mikrosandstrahlgeraet\/\" \/>\n<meta property=\"og:site_name\" content=\"The City Rent &amp; Partner\" \/>\n<meta property=\"article:modified_time\" content=\"2023-02-01T08:20:27+00:00\" \/>\n<meta property=\"og:image\" content=\"https:\/\/www.thecityrent.be\/wp-content\/uploads\/aerogommeuse-novgom-17.jpg\" \/>\n\t<meta property=\"og:image:width\" content=\"800\" \/>\n\t<meta property=\"og:image:height\" content=\"800\" \/>\n\t<meta property=\"og:image:type\" content=\"image\/jpeg\" \/>\n<meta name=\"twitter:card\" content=\"summary_large_image\" \/>\n<meta name=\"twitter:label1\" content=\"Gesch\u00e4tzte Lesezeit\" \/>\n\t<meta name=\"twitter:data1\" content=\"1\u00a0Minute\" \/>\n<script type=\"application\/ld+json\" class=\"yoast-schema-graph\">{\"@context\":\"https:\\\/\\\/schema.org\",\"@graph\":[{\"@type\":\"WebPage\",\"@id\":\"https:\\\/\\\/www.thecityrent.be\\\/de\\\/produkt\\\/sa-mikrosandstrahlgeraet\\\/\",\"url\":\"https:\\\/\\\/www.thecityrent.be\\\/de\\\/produkt\\\/sa-mikrosandstrahlgeraet\\\/\",\"name\":\"SA-MIKROSANDSTRAHLGER\u00c4T - The City Rent &amp; Partner\",\"isPartOf\":{\"@id\":\"https:\\\/\\\/www.thecityrent.be\\\/#website\"},\"primaryImageOfPage\":{\"@id\":\"https:\\\/\\\/www.thecityrent.be\\\/de\\\/produkt\\\/sa-mikrosandstrahlgeraet\\\/#primaryimage\"},\"image\":{\"@id\":\"https:\\\/\\\/www.thecityrent.be\\\/de\\\/produkt\\\/sa-mikrosandstrahlgeraet\\\/#primaryimage\"},\"thumbnailUrl\":\"https:\\\/\\\/www.thecityrent.be\\\/wp-content\\\/uploads\\\/aerogommeuse-novgom-17.jpg\",\"datePublished\":\"2022-03-27T10:51:09+00:00\",\"dateModified\":\"2023-02-01T08:20:27+00:00\",\"breadcrumb\":{\"@id\":\"https:\\\/\\\/www.thecityrent.be\\\/de\\\/produkt\\\/sa-mikrosandstrahlgeraet\\\/#breadcrumb\"},\"inLanguage\":\"de\",\"potentialAction\":[{\"@type\":\"ReadAction\",\"target\":[\"https:\\\/\\\/www.thecityrent.be\\\/de\\\/produkt\\\/sa-mikrosandstrahlgeraet\\\/\"]}]},{\"@type\":\"ImageObject\",\"inLanguage\":\"de\",\"@id\":\"https:\\\/\\\/www.thecityrent.be\\\/de\\\/produkt\\\/sa-mikrosandstrahlgeraet\\\/#primaryimage\",\"url\":\"https:\\\/\\\/www.thecityrent.be\\\/wp-content\\\/uploads\\\/aerogommeuse-novgom-17.jpg\",\"contentUrl\":\"https:\\\/\\\/www.thecityrent.be\\\/wp-content\\\/uploads\\\/aerogommeuse-novgom-17.jpg\",\"width\":800,\"height\":800},{\"@type\":\"BreadcrumbList\",\"@id\":\"https:\\\/\\\/www.thecityrent.be\\\/de\\\/produkt\\\/sa-mikrosandstrahlgeraet\\\/#breadcrumb\",\"itemListElement\":[{\"@type\":\"ListItem\",\"position\":1,\"name\":\"Home\",\"item\":\"https:\\\/\\\/www.thecityrent.be\\\/de\\\/\"},{\"@type\":\"ListItem\",\"position\":2,\"name\":\"Shop\",\"item\":\"https:\\\/\\\/www.thecityrent.be\\\/shop\\\/\"},{\"@type\":\"ListItem\",\"position\":3,\"name\":\"SA-MIKROSANDSTRAHLGER\u00c4T\"}]},{\"@type\":\"WebSite\",\"@id\":\"https:\\\/\\\/www.thecityrent.be\\\/#website\",\"url\":\"https:\\\/\\\/www.thecityrent.be\\\/\",\"name\":\"The City Rent &amp; Partner\",\"description\":\"Votre partenaire pour la location de mat\u00e9riel, outillage &amp; v\u00e9hicules\",\"potentialAction\":[{\"@type\":\"SearchAction\",\"target\":{\"@type\":\"EntryPoint\",\"urlTemplate\":\"https:\\\/\\\/www.thecityrent.be\\\/?s={search_term_string}\"},\"query-input\":{\"@type\":\"PropertyValueSpecification\",\"valueRequired\":true,\"valueName\":\"search_term_string\"}}],\"inLanguage\":\"de\"}]}<\/script>\n<!-- \/ Yoast SEO plugin. -->","yoast_head_json":{"title":"SA-MIKROSANDSTRAHLGER\u00c4T - The City Rent &amp; Partner","robots":{"index":"index","follow":"follow","max-snippet":"max-snippet:-1","max-image-preview":"max-image-preview:large","max-video-preview":"max-video-preview:-1"},"canonical":"https:\/\/www.thecityrent.be\/de\/produkt\/sa-mikrosandstrahlgeraet\/","og_locale":"de_DE","og_type":"article","og_title":"SA-MIKROSANDSTRAHLGER\u00c4T - The City Rent &amp; Partner","og_description":"Mikrosandstrahlger\u00e4t NOVGOM17 + Kompressor\u00a03m\u00b3 + Anh\u00e4nge.  Ideal zum Sandstrahlen oder Abbeizen von Hart- oder Weichholz, M\u00f6beln, Treppen, Balken, aber auch f\u00fcr Graffiti und anderen Wandmalereien, Reinigung ohne Sch\u00e4den am Untergrund.  M\u00f6glichkeit, nur das\u00a0Mikrosandstrahlger\u00e4t zu mieten.  M\u00f6glichkeit, den Sand zu liefern\u00a0(Garnet)ab 23.59\u20ac 200 (d\u00fcnn) 120 (Hartholz) 20\/40 (Mauern, Steine, Metall)","og_url":"https:\/\/www.thecityrent.be\/de\/produkt\/sa-mikrosandstrahlgeraet\/","og_site_name":"The City Rent &amp; Partner","article_modified_time":"2023-02-01T08:20:27+00:00","og_image":[{"width":800,"height":800,"url":"https:\/\/www.thecityrent.be\/wp-content\/uploads\/aerogommeuse-novgom-17.jpg","type":"image\/jpeg"}],"twitter_card":"summary_large_image","twitter_misc":{"Gesch\u00e4tzte Lesezeit":"1\u00a0Minute"},"schema":{"@context":"https:\/\/schema.org","@graph":[{"@type":"WebPage","@id":"https:\/\/www.thecityrent.be\/de\/produkt\/sa-mikrosandstrahlgeraet\/","url":"https:\/\/www.thecityrent.be\/de\/produkt\/sa-mikrosandstrahlgeraet\/","name":"SA-MIKROSANDSTRAHLGER\u00c4T - The City Rent &amp; Partner","isPartOf":{"@id":"https:\/\/www.thecityrent.be\/#website"},"primaryImageOfPage":{"@id":"https:\/\/www.thecityrent.be\/de\/produkt\/sa-mikrosandstrahlgeraet\/#primaryimage"},"image":{"@id":"https:\/\/www.thecityrent.be\/de\/produkt\/sa-mikrosandstrahlgeraet\/#primaryimage"},"thumbnailUrl":"https:\/\/www.thecityrent.be\/wp-content\/uploads\/aerogommeuse-novgom-17.jpg","datePublished":"2022-03-27T10:51:09+00:00","dateModified":"2023-02-01T08:20:27+00:00","breadcrumb":{"@id":"https:\/\/www.thecityrent.be\/de\/produkt\/sa-mikrosandstrahlgeraet\/#breadcrumb"},"inLanguage":"de","potentialAction":[{"@type":"ReadAction","target":["https:\/\/www.thecityrent.be\/de\/produkt\/sa-mikrosandstrahlgeraet\/"]}]},{"@type":"ImageObject","inLanguage":"de","@id":"https:\/\/www.thecityrent.be\/de\/produkt\/sa-mikrosandstrahlgeraet\/#primaryimage","url":"https:\/\/www.thecityrent.be\/wp-content\/uploads\/aerogommeuse-novgom-17.jpg","contentUrl":"https:\/\/www.thecityrent.be\/wp-content\/uploads\/aerogommeuse-novgom-17.jpg","width":800,"height":800},{"@type":"BreadcrumbList","@id":"https:\/\/www.thecityrent.be\/de\/produkt\/sa-mikrosandstrahlgeraet\/#breadcrumb","itemListElement":[{"@type":"ListItem","position":1,"name":"Home","item":"https:\/\/www.thecityrent.be\/de\/"},{"@type":"ListItem","position":2,"name":"Shop","item":"https:\/\/www.thecityrent.be\/shop\/"},{"@type":"ListItem","position":3,"name":"SA-MIKROSANDSTRAHLGER\u00c4T"}]},{"@type":"WebSite","@id":"https:\/\/www.thecityrent.be\/#website","url":"https:\/\/www.thecityrent.be\/","name":"The City Rent &amp; Partner","description":"Votre partenaire pour la location de mat\u00e9riel, outillage &amp; v\u00e9hicules","potentialAction":[{"@type":"SearchAction","target":{"@type":"EntryPoint","urlTemplate":"https:\/\/www.thecityrent.be\/?s={search_term_string}"},"query-input":{"@type":"PropertyValueSpecification","valueRequired":true,"valueName":"search_term_string"}}],"inLanguage":"de"}]}},"_links":{"self":[{"href":"https:\/\/www.thecityrent.be\/de\/wp-json\/wp\/v2\/product\/1590","targetHints":{"allow":["GET"]}}],"collection":[{"href":"https:\/\/www.thecityrent.be\/de\/wp-json\/wp\/v2\/product"}],"about":[{"href":"https:\/\/www.thecityrent.be\/de\/wp-json\/wp\/v2\/types\/product"}],"replies":[{"embeddable":true,"href":"https:\/\/www.thecityrent.be\/de\/wp-json\/wp\/v2\/comments?post=1590"}],"wp:featuredmedia":[{"embeddable":true,"href":"https:\/\/www.thecityrent.be\/de\/wp-json\/wp\/v2\/media\/5889"}],"wp:attachment":[{"href":"https:\/\/www.thecityrent.be\/de\/wp-json\/wp\/v2\/media?parent=1590"}],"wp:term":[{"taxonomy":"product_brand","embeddable":true,"href":"https:\/\/www.thecityrent.be\/de\/wp-json\/wp\/v2\/product_brand?post=1590"},{"taxonomy":"product_cat","embeddable":true,"href":"https:\/\/www.thecityrent.be\/de\/wp-json\/wp\/v2\/product_cat?post=1590"},{"taxonomy":"product_tag","embeddable":true,"href":"https:\/\/www.thecityrent.be\/de\/wp-json\/wp\/v2\/product_tag?post=1590"}],"curies":[{"name":"wp","href":"https:\/\/api.w.org\/{rel}","templated":true}]}}